{"id":167,"date":"2024-06-21T11:27:37","date_gmt":"2024-06-21T15:27:37","guid":{"rendered":"https:\/\/www.belovedasheville.com\/?post_type=focus-area&#038;p=167"},"modified":"2024-09-04T14:56:56","modified_gmt":"2024-09-04T18:56:56","slug":"equity","status":"publish","type":"focus-area","link":"https:\/\/www.belovedasheville.com\/es\/focus-area\/equity\/","title":{"rendered":"Equidad"},"content":{"rendered":"<div data-elementor-type=\"wp-post\" data-elementor-id=\"167\" class=\"elementor elementor-167\" data-elementor-post-type=\"focus-area\">\n\t\t\t\t<div class=\"elementor-element elementor-element-dd0ce49 e-flex e-con-boxed e-con e-parent\" data-id=\"dd0ce49\" data-element_type=\"container\" data-e-type=\"container\">\n\t\t\t\t\t<div class=\"e-con-inner\">\n\t\t\t\t<div class=\"elementor-element elementor-element-8d20fa7 elementor-widget__width-inherit elementor-widget elementor-widget-text-editor\" data-id=\"8d20fa7\" data-element_type=\"widget\" data-e-type=\"widget\" data-widget_type=\"text-editor.default\">\n\t\t\t\t<div class=\"elementor-widget-container\">\n\t\t\t\t\t\t\t\t\t<p>La equidad, la interseccionalidad y la comunidad diversa son parte esencial del alma de BeLoved Asheville. La equidad est\u00e1 en el centro de todo lo que hacemos. Entendemos las causas profundas del racismo sist\u00e9mico y las desigualdades a largo plazo presentes en nuestra ciudad, regi\u00f3n y naci\u00f3n. Tenemos una creencia profunda y un compromiso en toda nuestra organizaci\u00f3n con la comunidad; creemos y confiamos en que las personas tienen la capacidad y la brillantez para crear sus propias soluciones. Al mirar a trav\u00e9s de un lente de equidad la forma en que las cosas son y han sido en nuestra sociedad, comprendemos que a las personas se les ha negado las herramientas, recursos y poder necesarios para sobrevivir y prosperar. Nuestra organizaci\u00f3n trabaja a todos los niveles para restaurar estas cosas, de modo que los sistemas, instituciones y lugares sean transformados y sanados, y la equidad se haga realidad para que TODAS las personas puedan prosperar.<\/p><p>BeLoved Asheville tiene m\u00e1s de una d\u00e9cada de experiencia en la construcci\u00f3n de movimientos y la defensa de la justicia racial y econ\u00f3mica y los derechos humanos en el oeste de Carolina del Norte. Desde nuestra fundaci\u00f3n en 2009, hemos estado al frente de los movimientos de cambio social y nos hemos establecido como una organizaci\u00f3n comunitaria de confianza. Inspiramos y organizamos acciones donde las personas saben que sus voces y vidas importan, tienen poder y la capacidad de crear soluciones, y ven que el cambio es posible.<\/p>\t\t\t\t\t\t\t\t<\/div>\n\t\t\t\t<\/div>\n\t\t\t\t<div class=\"elementor-element elementor-element-d822353 elementor-widget__width-initial elementor-widget elementor-widget-image\" data-id=\"d822353\" data-element_type=\"widget\" data-e-type=\"widget\" data-widget_type=\"image.default\">\n\t\t\t\t<div class=\"elementor-widget-container\">\n\t\t\t\t\t\t\t\t\t\t\t\t\t\t\t<img fetchpriority=\"high\" decoding=\"async\" width=\"1000\" height=\"667\" src=\"https:\/\/www.belovedasheville.com\/wp-content\/uploads\/Two-women-speaking-to-each-other.webp\" class=\"attachment-large size-large wp-image-153\" alt=\"\" srcset=\"https:\/\/www.belovedasheville.com\/wp-content\/uploads\/Two-women-speaking-to-each-other.webp 1000w, https:\/\/www.belovedasheville.com\/wp-content\/uploads\/Two-women-speaking-to-each-other-768x512.webp 768w\" sizes=\"(max-width: 1000px) 100vw, 1000px\" \/>\t\t\t\t\t\t\t\t\t\t\t\t\t\t\t<\/div>\n\t\t\t\t<\/div>\n\t\t\t\t<div class=\"elementor-element elementor-element-64914eb elementor-widget__width-initial elementor-widget elementor-widget-image\" data-id=\"64914eb\" data-element_type=\"widget\" data-e-type=\"widget\" data-widget_type=\"image.default\">\n\t\t\t\t<div class=\"elementor-widget-container\">\n\t\t\t\t\t\t\t\t\t\t\t\t\t\t\t<img decoding=\"async\" width=\"800\" height=\"764\" src=\"https:\/\/www.belovedasheville.com\/wp-content\/uploads\/A-group-of-people-waving-behind-a-memorial.webp\" class=\"attachment-large size-large wp-image-258\" alt=\"\" srcset=\"https:\/\/www.belovedasheville.com\/wp-content\/uploads\/A-group-of-people-waving-behind-a-memorial.webp 800w, https:\/\/www.belovedasheville.com\/wp-content\/uploads\/A-group-of-people-waving-behind-a-memorial-768x733.webp 768w\" sizes=\"(max-width: 800px) 100vw, 800px\" \/>\t\t\t\t\t\t\t\t\t\t\t\t\t\t\t<\/div>\n\t\t\t\t<\/div>\n\t\t\t\t<div class=\"elementor-element elementor-element-e0a0ef9 elementor-widget__width-initial elementor-widget elementor-widget-image\" data-id=\"e0a0ef9\" data-element_type=\"widget\" data-e-type=\"widget\" data-widget_type=\"image.default\">\n\t\t\t\t<div class=\"elementor-widget-container\">\n\t\t\t\t\t\t\t\t\t\t\t\t\t\t\t<img decoding=\"async\" width=\"1000\" height=\"754\" src=\"https:\/\/www.belovedasheville.com\/wp-content\/uploads\/DSC_0691_edited.webp\" class=\"attachment-large size-large wp-image-841\" alt=\"End Racism Act Now\" srcset=\"https:\/\/www.belovedasheville.com\/wp-content\/uploads\/DSC_0691_edited.webp 1000w, https:\/\/www.belovedasheville.com\/wp-content\/uploads\/DSC_0691_edited-768x579.webp 768w\" sizes=\"(max-width: 1000px) 100vw, 1000px\" \/>\t\t\t\t\t\t\t\t\t\t\t\t\t\t\t<\/div>\n\t\t\t\t<\/div>\n\t\t\t\t<div class=\"elementor-element elementor-element-a02cd3e elementor-widget__width-initial elementor-widget elementor-widget-image\" data-id=\"a02cd3e\" data-element_type=\"widget\" data-e-type=\"widget\" data-widget_type=\"image.default\">\n\t\t\t\t<div class=\"elementor-widget-container\">\n\t\t\t\t\t\t\t\t\t\t\t\t\t\t\t<img loading=\"lazy\" decoding=\"async\" width=\"1000\" height=\"522\" src=\"https:\/\/www.belovedasheville.com\/wp-content\/uploads\/equity-painting.webp\" class=\"attachment-large size-large wp-image-842\" alt=\"Equity Painting\" srcset=\"https:\/\/www.belovedasheville.com\/wp-content\/uploads\/equity-painting.webp 1000w, https:\/\/www.belovedasheville.com\/wp-content\/uploads\/equity-painting-768x401.webp 768w\" sizes=\"(max-width: 1000px) 100vw, 1000px\" \/>\t\t\t\t\t\t\t\t\t\t\t\t\t\t\t<\/div>\n\t\t\t\t<\/div>\n\t\t\t\t<div class=\"elementor-element elementor-element-b3e41b7 elementor-widget__width-inherit elementor-widget elementor-widget-text-editor\" data-id=\"b3e41b7\" data-element_type=\"widget\" data-e-type=\"widget\" data-widget_type=\"text-editor.default\">\n\t\t\t\t<div class=\"elementor-widget-container\">\n\t\t\t\t\t\t\t\t\t<p>En BeLoved, personas negras, ind\u00edgenas, de color, queer, de bajos recursos y sus aliados se unen en nuestro objetivo com\u00fan de crear equidad y un lugar de prosperidad para todos. Creamos recursos compartidos para realizar audazmente nuestros destinos personales, familiares y comunitarios. Somos l\u00edderes que llamamos a nuestra comunidad y naci\u00f3n a la equidad racial y la sanaci\u00f3n a trav\u00e9s de la defensa de pol\u00edticas, la educaci\u00f3n y el trabajo compartido. Nos reunimos para celebrar y reclamar nuestras culturas, conect\u00e1ndonos a trav\u00e9s del arte, alimentos tradicionales, idioma, historia y sistemas de valores compartidos. Dise\u00f1amos espacios sagrados para la sanaci\u00f3n que ayudan a fortalecer nuestra resiliencia colectiva. Organizamos celebraciones comunitarias, creamos instalaciones art\u00edsticas y dise\u00f1amos altares callejeros para devolver el orgullo a nuestras comunidades.<\/p>\t\t\t\t\t\t\t\t<\/div>\n\t\t\t\t<\/div>\n\t\t\t\t\t<\/div>\n\t\t\t\t<\/div>\n\t\t<div class=\"elementor-element elementor-element-118a05f e-con-full e-flex e-con e-parent\" data-id=\"118a05f\" data-element_type=\"container\" data-e-type=\"container\">\n\t\t<div class=\"elementor-element elementor-element-6c78b44 e-flex e-con-boxed e-con e-child\" data-id=\"6c78b44\" data-element_type=\"container\" data-e-type=\"container\" data-settings=\"{&quot;background_background&quot;:&quot;classic&quot;}\">\n\t\t\t\t\t<div class=\"e-con-inner\">\n\t\t\t\t<div class=\"elementor-element elementor-element-310ef09 elementor-widget elementor-widget-heading\" data-id=\"310ef09\" data-element_type=\"widget\" data-e-type=\"widget\" data-widget_type=\"heading.default\">\n\t\t\t\t<div class=\"elementor-widget-container\">\n\t\t\t\t\t<h2 class=\"elementor-heading-title elementor-size-default\">Impactos de Equidad<\/h2>\t\t\t\t<\/div>\n\t\t\t\t<\/div>\n\t\t\t\t<div class=\"elementor-element elementor-element-f77f835 elementor-widget elementor-widget-heading\" data-id=\"f77f835\" data-element_type=\"widget\" data-e-type=\"widget\" data-widget_type=\"heading.default\">\n\t\t\t\t<div class=\"elementor-widget-container\">\n\t\t\t\t\t<span class=\"elementor-heading-title elementor-size-default\">Desde 2017<\/span>\t\t\t\t<\/div>\n\t\t\t\t<\/div>\n\t\t\t\t\t<\/div>\n\t\t\t\t<\/div>\n\t\t<div class=\"elementor-element elementor-element-fd94047 e-flex e-con-boxed e-con e-child\" data-id=\"fd94047\" data-element_type=\"container\" data-e-type=\"container\">\n\t\t\t\t\t<div class=\"e-con-inner\">\n\t\t<div class=\"elementor-element elementor-element-9608653 e-con-full e-flex e-con e-child\" data-id=\"9608653\" data-element_type=\"container\" data-e-type=\"container\" data-settings=\"{&quot;background_background&quot;:&quot;classic&quot;}\">\n\t\t\t\t<div class=\"elementor-element elementor-element-2981028 elementor-widget elementor-widget-heading\" data-id=\"2981028\" data-element_type=\"widget\" data-e-type=\"widget\" data-widget_type=\"heading.default\">\n\t\t\t\t<div class=\"elementor-widget-container\">\n\t\t\t\t\t<h4 class=\"elementor-heading-title elementor-size-default\">118<\/h4>\t\t\t\t<\/div>\n\t\t\t\t<\/div>\n\t\t\t\t<div class=\"elementor-element elementor-element-76fbf59 elementor-widget elementor-widget-text-editor\" data-id=\"76fbf59\" data-element_type=\"widget\" data-e-type=\"widget\" data-widget_type=\"text-editor.default\">\n\t\t\t\t<div class=\"elementor-widget-container\">\n\t\t\t\t\t\t\t\t\t<p>l\u00edderes comunitarios capacitados directamente<\/p>\t\t\t\t\t\t\t\t<\/div>\n\t\t\t\t<\/div>\n\t\t\t\t<\/div>\n\t\t<div class=\"elementor-element elementor-element-7cdd904 e-con-full e-flex e-con e-child\" data-id=\"7cdd904\" data-element_type=\"container\" data-e-type=\"container\" data-settings=\"{&quot;background_background&quot;:&quot;classic&quot;}\">\n\t\t\t\t<div class=\"elementor-element elementor-element-df5721a elementor-widget elementor-widget-heading\" data-id=\"df5721a\" data-element_type=\"widget\" data-e-type=\"widget\" data-widget_type=\"heading.default\">\n\t\t\t\t<div class=\"elementor-widget-container\">\n\t\t\t\t\t<h4 class=\"elementor-heading-title elementor-size-default\">257<\/h4>\t\t\t\t<\/div>\n\t\t\t\t<\/div>\n\t\t\t\t<div class=\"elementor-element elementor-element-969c4a6 elementor-widget elementor-widget-text-editor\" data-id=\"969c4a6\" data-element_type=\"widget\" data-e-type=\"widget\" data-widget_type=\"text-editor.default\">\n\t\t\t\t<div class=\"elementor-widget-container\">\n\t\t\t\t\t\t\t\t\t<p>eventos culturales y proyectos de arte comunitario<\/p>\t\t\t\t\t\t\t\t<\/div>\n\t\t\t\t<\/div>\n\t\t\t\t<\/div>\n\t\t<div class=\"elementor-element elementor-element-f5d3ad7 e-con-full e-flex e-con e-child\" data-id=\"f5d3ad7\" data-element_type=\"container\" data-e-type=\"container\" data-settings=\"{&quot;background_background&quot;:&quot;classic&quot;}\">\n\t\t\t\t<div class=\"elementor-element elementor-element-e607890 elementor-widget elementor-widget-heading\" data-id=\"e607890\" data-element_type=\"widget\" data-e-type=\"widget\" data-widget_type=\"heading.default\">\n\t\t\t\t<div class=\"elementor-widget-container\">\n\t\t\t\t\t<h4 class=\"elementor-heading-title elementor-size-default\">7,562<\/h4>\t\t\t\t<\/div>\n\t\t\t\t<\/div>\n\t\t\t\t<div class=\"elementor-element elementor-element-8859893 elementor-widget elementor-widget-text-editor\" data-id=\"8859893\" data-element_type=\"widget\" data-e-type=\"widget\" data-widget_type=\"text-editor.default\">\n\t\t\t\t<div class=\"elementor-widget-container\">\n\t\t\t\t\t\t\t\t\t<p>ni\u00f1os y j\u00f3venes apoyados<\/p>\t\t\t\t\t\t\t\t<\/div>\n\t\t\t\t<\/div>\n\t\t\t\t<\/div>\n\t\t<div class=\"elementor-element elementor-element-ffb2712 e-con-full e-flex e-con e-child\" data-id=\"ffb2712\" data-element_type=\"container\" data-e-type=\"container\" data-settings=\"{&quot;background_background&quot;:&quot;classic&quot;}\">\n\t\t\t\t<div class=\"elementor-element elementor-element-11de18c elementor-widget elementor-widget-heading\" data-id=\"11de18c\" data-element_type=\"widget\" data-e-type=\"widget\" data-widget_type=\"heading.default\">\n\t\t\t\t<div class=\"elementor-widget-container\">\n\t\t\t\t\t<h4 class=\"elementor-heading-title elementor-size-default\">22,646<\/h4>\t\t\t\t<\/div>\n\t\t\t\t<\/div>\n\t\t\t\t<div class=\"elementor-element elementor-element-f335b0b elementor-widget elementor-widget-text-editor\" data-id=\"f335b0b\" data-element_type=\"widget\" data-e-type=\"widget\" data-widget_type=\"text-editor.default\">\n\t\t\t\t<div class=\"elementor-widget-container\">\n\t\t\t\t\t\t\t\t\t<p>miembros de la comunidad involucrados en actividades de apoyo a la equidad<\/p>\t\t\t\t\t\t\t\t<\/div>\n\t\t\t\t<\/div>\n\t\t\t\t<\/div>\n\t\t\t\t\t<\/div>\n\t\t\t\t<\/div>\n\t\t<div class=\"elementor-element elementor-element-98cb330 e-flex e-con-boxed e-con e-child\" data-id=\"98cb330\" data-element_type=\"container\" data-e-type=\"container\">\n\t\t\t\t\t<div class=\"e-con-inner\">\n\t\t\t\t<div class=\"elementor-element elementor-element-78aa342 elementor-widget__width-initial elementor-widget-mobile__width-inherit elementor-widget elementor-widget-text-editor\" data-id=\"78aa342\" data-element_type=\"widget\" data-e-type=\"widget\" data-widget_type=\"text-editor.default\">\n\t\t\t\t<div class=\"elementor-widget-container\">\n\t\t\t\t\t\t\t\t\t<p>Abogamos desde 2016 por reparaciones y por la desinversi\u00f3n en pr\u00e1cticas da\u00f1inas y la redistribuci\u00f3n de recursos del presupuesto de la Ciudad<\/p>\t\t\t\t\t\t\t\t<\/div>\n\t\t\t\t<\/div>\n\t\t\t\t<div class=\"elementor-element elementor-element-89c68ed elementor-widget__width-initial elementor-widget elementor-widget-image\" data-id=\"89c68ed\" data-element_type=\"widget\" data-e-type=\"widget\" data-widget_type=\"image.default\">\n\t\t\t\t<div class=\"elementor-widget-container\">\n\t\t\t\t\t\t\t\t\t\t\t\t\t\t\t<img loading=\"lazy\" decoding=\"async\" width=\"173\" height=\"162\" src=\"https:\/\/www.belovedasheville.com\/wp-content\/uploads\/teal-heart.webp\" class=\"attachment-large size-large wp-image-346\" alt=\"\" \/>\t\t\t\t\t\t\t\t\t\t\t\t\t\t\t<\/div>\n\t\t\t\t<\/div>\n\t\t\t\t<div class=\"elementor-element elementor-element-de85305 elementor-widget__width-initial elementor-widget-mobile__width-inherit elementor-widget elementor-widget-text-editor\" data-id=\"de85305\" data-element_type=\"widget\" data-e-type=\"widget\" data-widget_type=\"text-editor.default\">\n\t\t\t\t<div class=\"elementor-widget-container\">\n\t\t\t\t\t\t\t\t\tHemos ense\u00f1ado en reuniones nacionales, regionales y locales enfocadas en la equidad y la transformaci\u00f3n comunitaria.\t\t\t\t\t\t\t\t<\/div>\n\t\t\t\t<\/div>\n\t\t\t\t<div class=\"elementor-element elementor-element-76db3e4 elementor-widget__width-initial elementor-widget elementor-widget-image\" data-id=\"76db3e4\" data-element_type=\"widget\" data-e-type=\"widget\" data-widget_type=\"image.default\">\n\t\t\t\t<div class=\"elementor-widget-container\">\n\t\t\t\t\t\t\t\t\t\t\t\t\t\t\t<img loading=\"lazy\" decoding=\"async\" width=\"173\" height=\"162\" src=\"https:\/\/www.belovedasheville.com\/wp-content\/uploads\/teal-heart.webp\" class=\"attachment-large size-large wp-image-346\" alt=\"\" \/>\t\t\t\t\t\t\t\t\t\t\t\t\t\t\t<\/div>\n\t\t\t\t<\/div>\n\t\t\t\t<div class=\"elementor-element elementor-element-278d2f1 elementor-widget__width-initial elementor-widget-mobile__width-inherit elementor-widget elementor-widget-text-editor\" data-id=\"278d2f1\" data-element_type=\"widget\" data-e-type=\"widget\" data-widget_type=\"text-editor.default\">\n\t\t\t\t<div class=\"elementor-widget-container\">\n\t\t\t\t\t\t\t\t\t<p>L\u00edder en iniciativas culturalmente relevantes lideradas por miembros de la comunidad BIPOC<\/p>\t\t\t\t\t\t\t\t<\/div>\n\t\t\t\t<\/div>\n\t\t\t\t\t<\/div>\n\t\t\t\t<\/div>\n\t\t\t\t<\/div>\n\t\t\t\t<\/div>","protected":false},"excerpt":{"rendered":"<p>Equity, intersectionality, and diverse community are truly a part of the lifeblood of BeLoved Asheville. Equity goes to the heart of everything that we do. We understand the root causes of systemic racism and the long-term inequities present in our city, region, and nation. We have a profound belief and commitment throughout our organization to [&hellip;]<\/p>\n","protected":false},"featured_media":0,"template":"","meta":{"_acf_changed":false},"class_list":["post-167","focus-area","type-focus-area","status-publish","hentry"],"acf":[],"_links":{"self":[{"href":"https:\/\/www.belovedasheville.com\/es\/wp-json\/wp\/v2\/focus-area\/167","targetHints":{"allow":["GET"]}}],"collection":[{"href":"https:\/\/www.belovedasheville.com\/es\/wp-json\/wp\/v2\/focus-area"}],"about":[{"href":"https:\/\/www.belovedasheville.com\/es\/wp-json\/wp\/v2\/types\/focus-area"}],"version-history":[{"count":0,"href":"https:\/\/www.belovedasheville.com\/es\/wp-json\/wp\/v2\/focus-area\/167\/revisions"}],"wp:attachment":[{"href":"https:\/\/www.belovedasheville.com\/es\/wp-json\/wp\/v2\/media?parent=167"}],"curies":[{"name":"wp","href":"https:\/\/api.w.org\/{rel}","templated":true}]}}